
{"id":13027,"date":"2024-09-18T09:11:14","date_gmt":"2024-09-18T07:11:14","guid":{"rendered":"https:\/\/konfigurator.adams.com.pl\/?post_type=product&#038;p=13027"},"modified":"2025-10-31T11:05:22","modified_gmt":"2025-10-31T10:05:22","slug":"okno-kopia-2","status":"publish","type":"product","link":"https:\/\/konfigurator.adams.com.pl\/en\/sklep\/composite-product\/okno-kopia-2\/","title":{"rendered":"<strong>WINDOW<\/strong>"},"content":{"rendered":"","protected":false},"excerpt":{"rendered":"","protected":false},"featured_media":14241,"template":"","meta":[],"product_cat":[163],"product_tag":[],"class_list":{"0":"post-13027","1":"product","2":"type-product","3":"status-publish","4":"has-post-thumbnail","6":"product_cat-composite-product","8":"first","9":"instock","10":"featured","11":"virtual","12":"purchasable","13":"product-type-composite"},"composite_virtual":true,"composite_layout":"paged","composite_add_to_cart_form_location":"default","composite_editable_in_cart":false,"composite_sold_individually_context":"product","composite_shop_price_calc":"hidden","composite_components":[{"id":"1726650986","title":"MATERIA\u0141","description":"<p><iframe width=\"350\" height=\"190\" src=\"https:\/\/www.youtube.com\/embed\/bh1kvoouFro?si=TtEtNRMA2pWHhhMo\" frameborder=\"0\" allow=\"accelerometer; autoplay; clipboard-write; encrypted-media; gyroscope; picture-in-picture; web-share\" allowfullscreen><\/iframe> <iframe width=\"350\" height=\"190\" src=\"https:\/\/www.youtube.com\/embed\/36msKUETS9w?si=7yXnKa0j4qLHGHKJ\" frameborder=\"0\" allow=\"accelerometer; autoplay; clipboard-write; encrypted-media; gyroscope; picture-in-picture; web-share\" allowfullscreen><\/iframe> <iframe width=\"350\" height=\"190\" src=\"https:\/\/www.youtube.com\/embed\/VQcXmc1MMaM?si=7b01SBQXN4BSeD4b\" frameborder=\"0\" allow=\"accelerometer; autoplay; clipboard-write; encrypted-media; gyroscope; picture-in-picture; web-share\" allowfullscreen><\/iframe> <iframe width=\"350\" height=\"190\" src=\"https:\/\/www.youtube.com\/embed\/pE6g9xuCFvc?si=TIezk0Wupwzrorcv\" frameborder=\"0\" allow=\"accelerometer; autoplay; clipboard-write; encrypted-media; gyroscope; picture-in-picture; web-share\" allowfullscreen><\/iframe><\/p>\n<p><b>Kliknij w przycisk poni\u017cej po wi\u0119cej informacji:<\/b><\/p>\n<p><a class=\"wp-block-button__link wp-element-button\" href=\"https:\/\/adams.com.pl\/oferta\/okna-pvc\" target=\"_blank\" rel=\"noopener\">NASZE PRODUKTY<\/a> <a class=\"wp-block-button__link wp-element-button\" href=\"https:\/\/adams.com.pl\/katalogi#elementor-action%3Aaction%3Dpopup%3Aopen%26settings%3DeyJpZCI6IjgwNjAiLCJ0b2dnbGUiOmZhbHNlfQ%3D%3D\" target=\"_blank\" rel=\"noopener\">KATALOGI<\/a> <a class=\"wp-block-button__link wp-element-button\" href=\"https:\/\/adams.com.pl\/porady\/okna-wymiarze-xl-powinny-byc-z-pvc-czy-aluminium\" target=\"_blank\" rel=\"noopener\">OKNA XL<\/a> <a class=\"wp-block-button__link wp-element-button\" href=\"https:\/\/adams.com.pl\/porady\/jakie-okna-mozna-montowac-w-bloku-pvc-aluminiowe-czy-drewniane\n\" target=\"_blank\" rel=\"noopener\">OKNA W BLOKU<\/a> <a class=\"wp-block-button__link wp-element-button\" href=\"https:\/\/adams.com.pl\/porady\/czy-to-prawda-ze-profile-aluminiowe-sa-zimniejsze-od-tych-z-pvc\" target=\"_blank\" rel=\"noopener\">PROFILE ALU ZIMNIEJSZE OD PVC?<\/a> <a class=\"wp-block-button__link wp-element-button\" href=\"https:\/\/adams.com.pl\/porady\/najczestsze-bledy-popelniane-przy-wyborze-okien-jak-ich-uniknac\" target=\"_blank\" rel=\"noopener\">B\u0141\u0118DY PRZY WYBORZE OKIEN<\/a> <iframe width=\"350\" height=\"190\" src=\"https:\/\/www.youtube.com\/embed\/taawI9zuD4k?si=kkiT3drBAkTmVoEv\" frameborder=\"0\" allow=\"accelerometer; autoplay; clipboard-write; encrypted-media; gyroscope; picture-in-picture; web-share\" allowfullscreen><\/iframe> <iframe width=\"350\" height=\"190\" src=\"https:\/\/www.youtube.com\/embed\/RYX-cmTZDZU?si=NS6xoFOW88dZiAsd\" frameborder=\"0\" allow=\"accelerometer; autoplay; clipboard-write; encrypted-media; gyroscope; picture-in-picture; web-share\" allowfullscreen><\/iframe><\/p>\n","query_type":"product_ids","query_ids":[13030],"default_option_id":13030,"thumbnail_id":"","thumbnail_src":"","quantity_min":1,"quantity_max":1,"priced_individually":false,"shipped_individually":false,"optional":false,"discount":"","options_style":"dropdowns","pagination_style":"classic","display_prices":"absolute","show_sorting_options":false,"show_filtering_options":false,"attribute_filter_ids":[],"select_action":"view","product_title_visible":true,"product_descr_visible":true,"product_price_visible":false,"product_thumb_visible":true,"subtotal_visible_product":false,"subtotal_visible_cart":false,"subtotal_visible_orders":false},{"id":"1726654276","title":"SYSTEM","description":"<p><iframe width=\"350\" height=\"190\" src=\"https:\/\/www.youtube.com\/embed\/Tc_tL_eDtFU?si=mNdQDgH3jtQI-Vs8\" frameborder=\"0\" allow=\"accelerometer; autoplay; clipboard-write; encrypted-media; gyroscope; picture-in-picture; web-share\" allowfullscreen><\/iframe> <iframe width=\"350\" height=\"190\" src=\"https:\/\/www.youtube.com\/embed\/0_MbiZLbsns?si=ZOPhutsbLYwpQUuG\" frameborder=\"0\" allow=\"accelerometer; autoplay; clipboard-write; encrypted-media; gyroscope; picture-in-picture; web-share\" allowfullscreen><\/iframe> <iframe width=\"350\" height=\"190\" src=\"https:\/\/www.youtube.com\/embed\/UJST_2X8k74?si=4BKrg9-hWTqfpxOm\" frameborder=\"0\" allow=\"accelerometer; autoplay; clipboard-write; encrypted-media; gyroscope; picture-in-picture; web-share\" allowfullscreen><\/iframe> <iframe width=\"350\" height=\"190\" src=\"https:\/\/www.youtube.com\/embed\/8jdfR7l4ILo?si=mvT1x_usyMiuIOiW\" frameborder=\"0\" allow=\"accelerometer; autoplay; clipboard-write; encrypted-media; gyroscope; picture-in-picture; web-share\" allowfullscreen><\/iframe> <iframe width=\"350\" height=\"190\" src=\"https:\/\/www.youtube.com\/embed\/08KiB4AEGsg?si=rWzkJhb5yhkAjSOx\" frameborder=\"0\" allow=\"accelerometer; autoplay; clipboard-write; encrypted-media; gyroscope; picture-in-picture; web-share\" allowfullscreen><\/iframe> <iframe width=\"350\" height=\"190\" src=\"https:\/\/www.youtube.com\/embed\/e7LUUn58dQs?si=hueZmPQBj4cuOW11\" frameborder=\"0\" allow=\"accelerometer; autoplay; clipboard-write; encrypted-media; gyroscope; picture-in-picture; web-share\" allowfullscreen><\/iframe> <iframe width=\"350\" height=\"190\" src=\"https:\/\/www.youtube.com\/embed\/TKCOStbHXG8?si=ovJoniZmlfGPPbQv\" frameborder=\"0\" allow=\"accelerometer; autoplay; clipboard-write; encrypted-media; gyroscope; picture-in-picture; web-share\" allowfullscreen><\/iframe> <iframe width=\"350\" height=\"190\" src=\"https:\/\/www.youtube.com\/embed\/GlyAVKxJiNE?si=cWmuZbzM4xg8znA3\" frameborder=\"0\" allow=\"accelerometer; autoplay; clipboard-write; encrypted-media; gyroscope; picture-in-picture; web-share\" allowfullscreen><\/iframe> <iframe width=\"350\" height=\"190\" src=\"https:\/\/www.youtube.com\/embed\/LPCVHPVxSms?si=B5OpJbcSo5mPh78t\" frameborder=\"0\" allow=\"accelerometer; autoplay; clipboard-write; encrypted-media; gyroscope; picture-in-picture; web-share\" allowfullscreen><\/iframe> <iframe width=\"350\" height=\"190\" src=\"https:\/\/www.youtube.com\/embed\/RYX-cmTZDZU?si=01nf0EdJbEnPDayH\" frameborder=\"0\" allow=\"accelerometer; autoplay; clipboard-write; encrypted-media; gyroscope; picture-in-picture; web-share\" allowfullscreen><\/iframe> <iframe width=\"350\" height=\"190\" src=\"https:\/\/www.youtube.com\/embed\/m6GcXW5h3Qc?si=DredRq5d5UowaSyg\" frameborder=\"0\" allow=\"accelerometer; autoplay; clipboard-write; encrypted-media; gyroscope; picture-in-picture; web-share\" allowfullscreen><\/iframe> <iframe width=\"350\" height=\"190\" src=\"https:\/\/www.youtube.com\/embed\/vLwd_QtUY9U?si=8i4Kvmpz7vQjQyuv\" frameborder=\"0\" allow=\"accelerometer; autoplay; clipboard-write; encrypted-media; gyroscope; picture-in-picture; web-share\" allowfullscreen><\/iframe> <iframe width=\"350\" height=\"190\" src=\"https:\/\/www.youtube.com\/embed\/AqbQGeIEKSs?si=awOUiRaJVep0fe5-\" frameborder=\"0\" allow=\"accelerometer; autoplay; clipboard-write; encrypted-media; gyroscope; picture-in-picture; web-share\" allowfullscreen><\/iframe><\/p>\n","query_type":"product_ids","query_ids":[13045,13043,13044,18153,13047,13041,13040,13038,17908,13046,13042,13037,13039],"default_option_id":"","thumbnail_id":"","thumbnail_src":"","quantity_min":1,"quantity_max":1,"priced_individually":false,"shipped_individually":false,"optional":false,"discount":"","options_style":"thumbnails","pagination_style":"classic","display_prices":"absolute","show_sorting_options":false,"show_filtering_options":true,"attribute_filter_ids":[9],"select_action":"view","product_title_visible":false,"product_descr_visible":true,"product_price_visible":false,"product_thumb_visible":true,"subtotal_visible_product":false,"subtotal_visible_cart":false,"subtotal_visible_orders":false},{"id":"1750147998","title":"KWATERY","description":"","query_type":"product_ids","query_ids":[18003,18005,18007],"default_option_id":18003,"thumbnail_id":"","thumbnail_src":"","quantity_min":1,"quantity_max":1,"priced_individually":false,"shipped_individually":false,"optional":false,"discount":"","options_style":"thumbnails","pagination_style":"classic","display_prices":"absolute","show_sorting_options":false,"show_filtering_options":false,"attribute_filter_ids":[],"select_action":"transition","product_title_visible":false,"product_descr_visible":false,"product_price_visible":false,"product_thumb_visible":false,"subtotal_visible_product":true,"subtotal_visible_cart":true,"subtotal_visible_orders":true},{"id":"1750151920","title":"1-KW FUNKCJA","description":"","query_type":"product_ids","query_ids":[18027,18030,18033,18024],"default_option_id":18024,"thumbnail_id":"","thumbnail_src":"","quantity_min":1,"quantity_max":1,"priced_individually":false,"shipped_individually":false,"optional":false,"discount":"","options_style":"thumbnails","pagination_style":"classic","display_prices":"absolute","show_sorting_options":false,"show_filtering_options":false,"attribute_filter_ids":[],"select_action":"transition","product_title_visible":false,"product_descr_visible":false,"product_price_visible":false,"product_thumb_visible":false,"subtotal_visible_product":true,"subtotal_visible_cart":true,"subtotal_visible_orders":true},{"id":"1750154462","title":"2-KW FUNKCJA","description":"","query_type":"product_ids","query_ids":[18058,18054,18045,18051,18042,18048],"default_option_id":18058,"thumbnail_id":"","thumbnail_src":"","quantity_min":1,"quantity_max":1,"priced_individually":false,"shipped_individually":false,"optional":false,"discount":"","options_style":"thumbnails","pagination_style":"classic","display_prices":"absolute","show_sorting_options":false,"show_filtering_options":false,"attribute_filter_ids":[],"select_action":"transition","product_title_visible":false,"product_descr_visible":false,"product_price_visible":false,"product_thumb_visible":false,"subtotal_visible_product":true,"subtotal_visible_cart":true,"subtotal_visible_orders":true},{"id":"1750158595","title":"3-KW FUNKCJA","description":"","query_type":"product_ids","query_ids":[18080,18083,18086,18089,18074,18077],"default_option_id":18080,"thumbnail_id":"","thumbnail_src":"","quantity_min":1,"quantity_max":1,"priced_individually":false,"shipped_individually":false,"optional":false,"discount":"","options_style":"thumbnails","pagination_style":"classic","display_prices":"absolute","show_sorting_options":false,"show_filtering_options":false,"attribute_filter_ids":[],"select_action":"transition","product_title_visible":false,"product_descr_visible":false,"product_price_visible":false,"product_thumb_visible":false,"subtotal_visible_product":true,"subtotal_visible_cart":true,"subtotal_visible_orders":true},{"id":"1726655848","title":"PAKIET SZYBOWY","description":"<p><iframe width=\"350\" height=\"190\" src=\"https:\/\/www.youtube.com\/embed\/Hb6cplaauzY?si=H4Qdp_8DCkHonXfb\" frameborder=\"0\" allow=\"accelerometer; autoplay; clipboard-write; encrypted-media; gyroscope; picture-in-picture; web-share\" allowfullscreen><\/iframe><\/p>\n<p><b>Dowied\u017a si\u0119 wi\u0119cej:<\/b><\/p>\n<p><a class=\"wp-block-button__link wp-element-button\" href=\"https:\/\/adams.com.pl\/porady\/czy-warto-kupowac-okna-trzyszybowe-szyby-dwukomorowe\" target=\"_blank\" rel=\"noopener\">OKNA TRZY SZYBOWE<\/a> <a class=\"wp-block-button__link wp-element-button\" href=\"https:\/\/adams.com.pl\/porady\/czy-warto-kupowac-okna-trzyszybowe\" target=\"_blank\" rel=\"noopener\">OKNA TRZY SZYBOWE CZ.2<\/a> <a class=\"wp-block-button__link wp-element-button\" href=\"https:\/\/adams.com.pl\/porady\/po-co-w-oknie-wiele-szyb-wlasciwosci-okien-zespolonych\" target=\"_blank\" rel=\"noopener\">DLACZEGO WIELE SZYB?<\/a> <\/p>\n","query_type":"product_ids","query_ids":[13049,13050,13051,16842],"default_option_id":"","thumbnail_id":14229,"thumbnail_src":"https:\/\/konfigurator.adams.com.pl\/wp-content\/uploads\/2024\/12\/pakiety-szybowe.png","quantity_min":1,"quantity_max":1,"priced_individually":false,"shipped_individually":false,"optional":false,"discount":"","options_style":"radios","pagination_style":"classic","display_prices":"absolute","show_sorting_options":false,"show_filtering_options":false,"attribute_filter_ids":[],"select_action":"view","product_title_visible":true,"product_descr_visible":true,"product_price_visible":false,"product_thumb_visible":true,"subtotal_visible_product":false,"subtotal_visible_cart":false,"subtotal_visible_orders":false},{"id":"1726665892","title":"SZYBA","description":"<p><iframe width=\"350\" height=\"190\" src=\"https:\/\/www.youtube.com\/embed\/6PmxiSYl_JA?si=JMMEsp4zkFCDjqtg\" frameborder=\"0\" allow=\"accelerometer; autoplay; clipboard-write; encrypted-media; gyroscope; picture-in-picture; web-share\" allowfullscreen><\/iframe> <iframe width=\"350\" height=\"190\" src=\"https:\/\/www.youtube.com\/embed\/NuX8F4tvFSg?si=qWb2UkSlt97_kvB3\" frameborder=\"0\" allow=\"accelerometer; autoplay; clipboard-write; encrypted-media; gyroscope; picture-in-picture; web-share\" allowfullscreen><\/iframe> <iframe width=\"350\" height=\"190\" src=\"https:\/\/www.youtube.com\/embed\/p2tMOvQIiA8?si=Mg4Ygt3-90_Wg06e\" frameborder=\"0\" allow=\"accelerometer; autoplay; clipboard-write; encrypted-media; gyroscope; picture-in-picture; web-share\" allowfullscreen><\/iframe> <iframe width=\"350\" height=\"190\" src=\"https:\/\/www.youtube.com\/embed\/vU0tlSjeF10?si=ECK2IB0LaS-5cMPb\" frameborder=\"0\" allow=\"accelerometer; autoplay; clipboard-write; encrypted-media; gyroscope; picture-in-picture; web-share\" allowfullscreen><\/iframe> <iframe width=\"350\" height=\"190\" src=\"https:\/\/www.youtube.com\/embed\/g4Po3jODZaQ?si=OjRNFpHv2DG0v2N-\" frameborder=\"0\" allow=\"accelerometer; autoplay; clipboard-write; encrypted-media; gyroscope; picture-in-picture; web-share\" allowfullscreen><\/iframe> <iframe width=\"350\" height=\"190\" src=\"https:\/\/www.youtube.com\/embed\/Xz5Cd7prl3I?si=X8iTiNpmlX6e6Kh3\" frameborder=\"0\" allow=\"accelerometer; autoplay; clipboard-write; encrypted-media; gyroscope; picture-in-picture; web-share\" allowfullscreen><\/iframe> <iframe width=\"350\" height=\"190\" src=\"https:\/\/www.youtube.com\/embed\/SmF6OGYI1z4?si=Bv7SRPWxME-qd1wo\" frameborder=\"0\" allow=\"accelerometer; autoplay; clipboard-write; encrypted-media; gyroscope; picture-in-picture; web-share\" allowfullscreen><\/iframe> <iframe width=\"350\" height=\"190\" src=\"https:\/\/www.youtube.com\/embed\/7Q81JXAs3Rc?si=_RquArQ1ui43uwbZ\" frameborder=\"0\" allow=\"accelerometer; autoplay; clipboard-write; encrypted-media; gyroscope; picture-in-picture; web-share\" allowfullscreen><\/iframe><\/p>\n<p><b>Wi\u0119cej informacji poni\u017cej:<\/b><br \/>\n<a class=\"wp-block-button__link wp-element-button\" href=\"https:\/\/adams.com.pl\/oferta\/szyby\/pozostale\" target=\"_blank\" rel=\"noopener\">PODSTAWOWE TYPY SZYB<\/a> <a class=\"wp-block-button__link wp-element-button\" href=\"https:\/\/adams.com.pl\/porady\/jakie-sa-rodzaje-szyb-w-oknach\" target=\"_blank\" rel=\"noopener\">RODZAJE SZYB<\/a>  <a class=\"wp-block-button__link wp-element-button\" href=\"https:\/\/adams.com.pl\/porady\/jakie-szyby-poza-typowymi-mozna-zamowic-kupujac-okna\" target=\"_blank\" rel=\"noopener\">NIETYPOWE SZYBY<\/a> <a class=\"wp-block-button__link wp-element-button\" href=\"https:\/\/adams.com.pl\/nowoczesne-rozwiazania\/szyby-zmieniajace-przeziernosc-przezroczystosc\" target=\"_blank\" rel=\"noopener\">SZYBY ZMIENIAJ\u0104CE PRZEZROCZYSTO\u015a\u0106<\/a> <a class=\"wp-block-button__link wp-element-button\" href=\"https:\/\/adams.com.pl\/oferta\/szyby\/eclaz\" target=\"_blank\" rel=\"noopener\">NAJNOWSZEJ GENERACJI SZK\u0141O Z POW\u0141OK\u0104 ECLAZ<\/a> <\/p>\n","query_type":"product_ids","query_ids":[13066,13064,13067,13071,13069,13062,18139],"default_option_id":13066,"thumbnail_id":"","thumbnail_src":"","quantity_min":1,"quantity_max":1,"priced_individually":false,"shipped_individually":false,"optional":false,"discount":"","options_style":"dropdowns","pagination_style":"classic","display_prices":"absolute","show_sorting_options":false,"show_filtering_options":false,"attribute_filter_ids":[],"select_action":"view","product_title_visible":true,"product_descr_visible":true,"product_price_visible":false,"product_thumb_visible":true,"subtotal_visible_product":false,"subtotal_visible_cart":false,"subtotal_visible_orders":false},{"id":"1726667274","title":"SZYBA OZDOBNA","description":"<p><b>BRAK<\/b> - Szyby ozdobne nie b\u0119d\u0105 brane pod uwag\u0119.<br \/>\n<b>ORNAMENT<\/b> - Szyby ornamentowe inaczej szyby dekoracyjne to tafle wykonane ze szk\u0142a, z wypuk\u0142\u0105, ozdobn\u0105 oraz struktur\u0105 ograniczaj\u0105c\u0105 widoczno\u015b\u0107.<\/p>\n","query_type":"product_ids","query_ids":[13073,13075],"default_option_id":13073,"thumbnail_id":"","thumbnail_src":"","quantity_min":1,"quantity_max":1,"priced_individually":false,"shipped_individually":false,"optional":false,"discount":"","options_style":"thumbnails","pagination_style":"classic","display_prices":"absolute","show_sorting_options":false,"show_filtering_options":false,"attribute_filter_ids":[],"select_action":"transition","product_title_visible":false,"product_descr_visible":false,"product_price_visible":false,"product_thumb_visible":false,"subtotal_visible_product":true,"subtotal_visible_cart":true,"subtotal_visible_orders":true},{"id":"1726737644","title":"*ORNAMENT","description":"","query_type":"category_ids","query_ids":[80],"default_option_id":"","thumbnail_id":"","thumbnail_src":"","quantity_min":1,"quantity_max":1,"priced_individually":false,"shipped_individually":false,"optional":false,"discount":"","options_style":"thumbnails","pagination_style":"classic","display_prices":"absolute","show_sorting_options":false,"show_filtering_options":false,"attribute_filter_ids":[],"select_action":"transition","product_title_visible":true,"product_descr_visible":true,"product_price_visible":false,"product_thumb_visible":true,"subtotal_visible_product":false,"subtotal_visible_cart":false,"subtotal_visible_orders":false},{"id":"1726667810","title":"RAMKA DYSTANSOWA","description":"<p><iframe width=\"350\" height=\"190\" src=\"https:\/\/www.youtube.com\/embed\/oX6fvr2Y1fM?si=Lf7ofZM8V2EYixa2\" frameborder=\"0\" allow=\"accelerometer; autoplay; clipboard-write; encrypted-media; gyroscope; picture-in-picture; web-share\" allowfullscreen><\/iframe><\/p>\n<p><strong>Ramka dystansowa<\/strong> kt\u00f3rej zadaniem jest uszczelnienie kraw\u0119dzi szyb zespolonych, czyli pakiet\u00f3w szybowych gotowych do zamontowania w oknach. Jednym z element\u00f3w konstrukcyjnych ka\u017cdej szyby zespolonej jest ramka dystansowa, kt\u00f3ra nie tylko oddziela od siebie pojedyncze tafle szyb, ale r\u00f3wnie je \u0142\u0105czy. Ramka dystansowa to \u00f3w metalicznie po\u0142yskuj\u0105cy element widoczny pomi\u0119dzy taflami szk\u0142a szyby zespolonej.<\/p>\n","query_type":"product_ids","query_ids":[13078,13077,13917],"default_option_id":"","thumbnail_id":"","thumbnail_src":"","quantity_min":1,"quantity_max":1,"priced_individually":false,"shipped_individually":false,"optional":false,"discount":"","options_style":"radios","pagination_style":"classic","display_prices":"absolute","show_sorting_options":false,"show_filtering_options":false,"attribute_filter_ids":[],"select_action":"view","product_title_visible":true,"product_descr_visible":true,"product_price_visible":false,"product_thumb_visible":true,"subtotal_visible_product":true,"subtotal_visible_cart":false,"subtotal_visible_orders":false},{"id":"1726743090","title":"KOLOR RAMKI","description":"","query_type":"category_ids","query_ids":[81],"default_option_id":"","thumbnail_id":"","thumbnail_src":"","quantity_min":1,"quantity_max":1,"priced_individually":false,"shipped_individually":false,"optional":false,"discount":"","options_style":"thumbnails","pagination_style":"classic","display_prices":"absolute","show_sorting_options":false,"show_filtering_options":false,"attribute_filter_ids":[],"select_action":"transition","product_title_visible":false,"product_descr_visible":false,"product_price_visible":false,"product_thumb_visible":false,"subtotal_visible_product":true,"subtotal_visible_cart":false,"subtotal_visible_orders":false},{"id":"1726749058","title":"TYP OKLEINOWANIA","description":"<p><iframe width=\"350\" height=\"190\" src=\"https:\/\/www.youtube.com\/embed\/EnOidxwT_Ks?si=fKj4AVgdUWZ6qTOv\" frameborder=\"0\" allow=\"accelerometer; autoplay; clipboard-write; encrypted-media; gyroscope; picture-in-picture; web-share\" allowfullscreen><\/iframe><\/p>\n<ul>\n<li><b>Brak<\/b> - obustronny kolor bia\u0142y.\n<li><b>Wewn\u0119trzny<\/b> - okleina widoczna od strony wewn\u0105trz pomieszczenia (po stronie zewn\u0119trznej bia\u0142y kolor).\n<li><b>Zewn\u0119trzny<\/b> -  okleina widoczna od strony zewn\u0119trznej budynku (po wewn\u0119trznej stronie pomieszczenia bia\u0142y kolor)\n<li><b>Dwustronny<\/b> - ta sama okleina widoczna od wewn\u0105trz pomieszczenia i na zewn\u0105trz budynku.\n<li><b>Dwukolorowy<\/b> - dwie r\u00f3\u017cni\u0105ce si\u0119 okleiny od siebie wewn\u0105trz pomieszczenia i zewn\u0105trz budynku.\n<\/ul>\n<p><b>Dowied\u017a si\u0119 wi\u0119cej poni\u017cej:<\/b><\/p>\n<p><a class=\"wp-block-button__link wp-element-button\" href=\"https:\/\/adams.com.pl\/porady\/okna-dwukolorowe-czy-mozna-zamowic-okna-dwukolorowe\" target=\"_blank\" rel=\"noopener\">OKNA DWUKOLOROWE<\/a> <a class=\"wp-block-button__link wp-element-button\" href=\"https:\/\/adams.com.pl\/porady\/jak-dobrac-kolor-okien-do-domu\" target=\"_blank\" rel=\"noopener\">JAK DOBRA\u0106 KOLOR OKIEN?<\/a> <a class=\"wp-block-button__link wp-element-button\" href=\"https:\/\/adams.com.pl\/konfigurator-koloru-okien\" target=\"_blank\" rel=\"noopener\">SYMULATOR KOLORU OKIEN<\/a> <\/p>\n","query_type":"product_ids","query_ids":[13121,13122,13125,13123,13124],"default_option_id":13121,"thumbnail_id":"","thumbnail_src":"","quantity_min":1,"quantity_max":1,"priced_individually":false,"shipped_individually":false,"optional":false,"discount":"","options_style":"dropdowns","pagination_style":"classic","display_prices":"absolute","show_sorting_options":false,"show_filtering_options":false,"attribute_filter_ids":[],"select_action":"view","product_title_visible":true,"product_descr_visible":true,"product_price_visible":false,"product_thumb_visible":true,"subtotal_visible_product":false,"subtotal_visible_cart":false,"subtotal_visible_orders":false},{"id":"1727182365","title":"OKLEINA WEWN\u0118TRZNA A","description":"<p><a class=\"wp-block-button__link wp-element-button\" href=\"https:\/\/adams.com.pl\/konfigurator-koloru-okien?utm_source\" target=\"_blank\" rel=\"noopener\">SYMULATOR KOLORU OKIEN<\/a><\/p>\n","query_type":"category_ids","query_ids":[83],"default_option_id":"","thumbnail_id":"","thumbnail_src":"","quantity_min":1,"quantity_max":1,"priced_individually":false,"shipped_individually":false,"optional":false,"discount":"","options_style":"thumbnails","pagination_style":"classic","display_prices":"absolute","show_sorting_options":false,"show_filtering_options":true,"attribute_filter_ids":[11],"select_action":"transition","product_title_visible":false,"product_descr_visible":false,"product_price_visible":false,"product_thumb_visible":false,"subtotal_visible_product":true,"subtotal_visible_cart":true,"subtotal_visible_orders":true},{"id":"1727182364","title":"OKLEINA ZEWN\u0118TRZNA A","description":"<p><a class=\"wp-block-button__link wp-element-button\" href=\"https:\/\/adams.com.pl\/konfigurator-koloru-okien?utm_source\" target=\"_blank\" rel=\"noopener\">SYMULATOR KOLORU OKIEN<\/a><\/p>\n","query_type":"category_ids","query_ids":[83],"default_option_id":"","thumbnail_id":"","thumbnail_src":"","quantity_min":1,"quantity_max":1,"priced_individually":false,"shipped_individually":false,"optional":false,"discount":"","options_style":"thumbnails","pagination_style":"classic","display_prices":"absolute","show_sorting_options":false,"show_filtering_options":true,"attribute_filter_ids":[11],"select_action":"transition","product_title_visible":false,"product_descr_visible":false,"product_price_visible":false,"product_thumb_visible":false,"subtotal_visible_product":true,"subtotal_visible_cart":true,"subtotal_visible_orders":true},{"id":"1727947824","title":"OKLEINA WEWN\u0118TRZNA V","description":"","query_type":"category_ids","query_ids":[84],"default_option_id":"","thumbnail_id":"","thumbnail_src":"","quantity_min":1,"quantity_max":1,"priced_individually":false,"shipped_individually":false,"optional":false,"discount":"","options_style":"thumbnails","pagination_style":"classic","display_prices":"absolute","show_sorting_options":false,"show_filtering_options":true,"attribute_filter_ids":[12],"select_action":"transition","product_title_visible":false,"product_descr_visible":false,"product_price_visible":false,"product_thumb_visible":false,"subtotal_visible_product":true,"subtotal_visible_cart":true,"subtotal_visible_orders":true},{"id":"1727947825","title":"OKLEINA ZEWN\u0118TRZNA V","description":"","query_type":"category_ids","query_ids":[84],"default_option_id":"","thumbnail_id":"","thumbnail_src":"","quantity_min":1,"quantity_max":1,"priced_individually":false,"shipped_individually":false,"optional":false,"discount":"","options_style":"thumbnails","pagination_style":"classic","display_prices":"absolute","show_sorting_options":false,"show_filtering_options":true,"attribute_filter_ids":[12],"select_action":"transition","product_title_visible":false,"product_descr_visible":false,"product_price_visible":false,"product_thumb_visible":false,"subtotal_visible_product":true,"subtotal_visible_cart":true,"subtotal_visible_orders":true},{"id":"1727947826","title":"OKLEINA WEWN\u0118TRZNA D","description":"","query_type":"category_ids","query_ids":[85],"default_option_id":"","thumbnail_id":"","thumbnail_src":"","quantity_min":1,"quantity_max":1,"priced_individually":false,"shipped_individually":false,"optional":false,"discount":"","options_style":"thumbnails","pagination_style":"classic","display_prices":"absolute","show_sorting_options":false,"show_filtering_options":true,"attribute_filter_ids":[13],"select_action":"transition","product_title_visible":false,"product_descr_visible":false,"product_price_visible":false,"product_thumb_visible":false,"subtotal_visible_product":true,"subtotal_visible_cart":true,"subtotal_visible_orders":true},{"id":"1727947827","title":"OKLEINA ZEWN\u0118TRZNA D","description":"","query_type":"category_ids","query_ids":[85],"default_option_id":"","thumbnail_id":"","thumbnail_src":"","quantity_min":1,"quantity_max":1,"priced_individually":false,"shipped_individually":false,"optional":false,"discount":"","options_style":"thumbnails","pagination_style":"classic","display_prices":"absolute","show_sorting_options":false,"show_filtering_options":true,"attribute_filter_ids":[13],"select_action":"transition","product_title_visible":false,"product_descr_visible":false,"product_price_visible":false,"product_thumb_visible":false,"subtotal_visible_product":true,"subtotal_visible_cart":true,"subtotal_visible_orders":true},{"id":"1726755232","title":"KOLOR OKLEINY ALUPLAST","description":"<p><a class=\"wp-block-button__link wp-element-button\" href=\"https:\/\/adams.com.pl\/konfigurator-koloru-okien?utm_source\" target=\"_blank\" rel=\"noopener\">SYMULATOR KOLORU OKIEN<\/a><\/p>\n","query_type":"category_ids","query_ids":[83],"default_option_id":"","thumbnail_id":"","thumbnail_src":"","quantity_min":1,"quantity_max":1,"priced_individually":false,"shipped_individually":false,"optional":false,"discount":"","options_style":"thumbnails","pagination_style":"classic","display_prices":"absolute","show_sorting_options":false,"show_filtering_options":true,"attribute_filter_ids":[11],"select_action":"transition","product_title_visible":false,"product_descr_visible":false,"product_price_visible":false,"product_thumb_visible":false,"subtotal_visible_product":false,"subtotal_visible_cart":false,"subtotal_visible_orders":false},{"id":"1727693021","title":"OKLEINY VEKA","description":"","query_type":"category_ids","query_ids":[84],"default_option_id":"","thumbnail_id":"","thumbnail_src":"","quantity_min":1,"quantity_max":1,"priced_individually":false,"shipped_individually":false,"optional":false,"discount":"","options_style":"thumbnails","pagination_style":"classic","display_prices":"absolute","show_sorting_options":false,"show_filtering_options":true,"attribute_filter_ids":[12],"select_action":"transition","product_title_visible":false,"product_descr_visible":false,"product_price_visible":false,"product_thumb_visible":false,"subtotal_visible_product":false,"subtotal_visible_cart":false,"subtotal_visible_orders":false},{"id":"1727693567","title":"OKLEINY DECEUNINCK","description":"","query_type":"category_ids","query_ids":[85],"default_option_id":"","thumbnail_id":"","thumbnail_src":"","quantity_min":1,"quantity_max":1,"priced_individually":false,"shipped_individually":false,"optional":false,"discount":"","options_style":"thumbnails","pagination_style":"classic","display_prices":"absolute","show_sorting_options":false,"show_filtering_options":true,"attribute_filter_ids":[13],"select_action":"transition","product_title_visible":false,"product_descr_visible":false,"product_price_visible":false,"product_thumb_visible":false,"subtotal_visible_product":true,"subtotal_visible_cart":true,"subtotal_visible_orders":true},{"id":"1727695308","title":"KLAMKA","description":"<p><iframe width=\"350\" height=\"190\" src=\"https:\/\/www.youtube.com\/embed\/Wsa_6_oLzJg?si=m4muYqNNqXDsGPDn\" frameborder=\"0\" allow=\"accelerometer; autoplay; clipboard-write; encrypted-media; gyroscope; picture-in-picture; web-share\" allowfullscreen><\/iframe><\/p>\n<p>Klamki do okien od AdamS to nie tylko praktyczne akcesoria, ale r\u00f3wnie\u017c wyj\u0105tkowy element dekoracyjny, kt\u00f3ry dodaje charakteru ka\u017cdemu oknu. Nasza oferta klamek do okien zosta\u0142a starannie dobrana, aby sprosta\u0107 oczekiwaniom nawet najbardziej wymagaj\u0105cych klient\u00f3w. Oferujemy r\u00f3\u017cnorodne modele klamek okiennych, kt\u00f3re \u0142\u0105cz\u0105 w sobie najwy\u017csz\u0105 jako\u015b\u0107 wykonania z nowoczesnym designem. <\/p>\n<p><B>DLA SYSTEMU IDEAL 8000, VEKA SL82, PASSIV LINE S, PASSIV LINE PLUS ORAZ PASSIV LINE ULTRA - DOMY\u015aLN\u0104 KLAMK\u0104 JEST KLAMKA PREMIUM. <\/B><\/p>\n<p><a class=\"wp-block-button__link wp-element-button\" href=\"https:\/\/adams.com.pl\/oferta\/akcesoria\/klamki\" target=\"_blank\" rel=\"noopener\">WI\u0118CEJ O KLAMKACH<\/a><\/p>\n","query_type":"product_ids","query_ids":[13482,13483,13484,13481,13480,13473],"default_option_id":13482,"thumbnail_id":"","thumbnail_src":"","quantity_min":1,"quantity_max":1,"priced_individually":false,"shipped_individually":false,"optional":false,"discount":"","options_style":"thumbnails","pagination_style":"classic","display_prices":"absolute","show_sorting_options":false,"show_filtering_options":false,"attribute_filter_ids":[],"select_action":"transition","product_title_visible":false,"product_descr_visible":false,"product_price_visible":false,"product_thumb_visible":false,"subtotal_visible_product":true,"subtotal_visible_cart":true,"subtotal_visible_orders":true},{"id":"1730976890","title":"KLAMKA","description":"<p><iframe width=\"350\" height=\"190\" src=\"https:\/\/www.youtube.com\/embed\/Wsa_6_oLzJg?si=m4muYqNNqXDsGPDn\" frameborder=\"0\" allow=\"accelerometer; autoplay; clipboard-write; encrypted-media; gyroscope; picture-in-picture; web-share\" allowfullscreen><\/iframe><\/p>\n<p>Klamki do okien od AdamS to nie tylko praktyczne akcesoria, ale r\u00f3wnie\u017c wyj\u0105tkowy element dekoracyjny, kt\u00f3ry dodaje charakteru ka\u017cdemu oknu. Nasza oferta klamek do okien zosta\u0142a starannie dobrana, aby sprosta\u0107 oczekiwaniom nawet najbardziej wymagaj\u0105cych klient\u00f3w. Oferujemy r\u00f3\u017cnorodne modele klamek okiennych, kt\u00f3re \u0142\u0105cz\u0105 w sobie najwy\u017csz\u0105 jako\u015b\u0107 wykonania z nowoczesnym designem. <\/p>\n<p><B>DLA SYSTEMU IDEAL 8000, VEKA SL82, PASSIV LINE S, PASSIV LINE PLUS ORAZ PASSIV LINE ULTRA - DOMY\u015aLN\u0104 KLAMK\u0104 JEST KLAMKA PREMIUM. <\/B><\/p>\n","query_type":"product_ids","query_ids":[13483,13482,13484,13481,13480,13473],"default_option_id":13483,"thumbnail_id":"","thumbnail_src":"","quantity_min":1,"quantity_max":1,"priced_individually":false,"shipped_individually":false,"optional":false,"discount":"","options_style":"thumbnails","pagination_style":"classic","display_prices":"absolute","show_sorting_options":false,"show_filtering_options":false,"attribute_filter_ids":[],"select_action":"transition","product_title_visible":false,"product_descr_visible":false,"product_price_visible":false,"product_thumb_visible":false,"subtotal_visible_product":true,"subtotal_visible_cart":true,"subtotal_visible_orders":true},{"id":"1730124634","title":"KOLOR KLAMKI I OS\u0141ONEK","description":"","query_type":"product_ids","query_ids":[13689,14471,13698,13691,13696,13687,17944,14475],"default_option_id":13689,"thumbnail_id":"","thumbnail_src":"","quantity_min":1,"quantity_max":1,"priced_individually":false,"shipped_individually":false,"optional":false,"discount":"","options_style":"thumbnails","pagination_style":"classic","display_prices":"absolute","show_sorting_options":false,"show_filtering_options":false,"attribute_filter_ids":[],"select_action":"transition","product_title_visible":false,"product_descr_visible":false,"product_price_visible":false,"product_thumb_visible":false,"subtotal_visible_product":true,"subtotal_visible_cart":true,"subtotal_visible_orders":true},{"id":"1727697510","title":"NAWIEWNIK","description":"<p><iframe width=\"370\" height=\"200\" src=\"https:\/\/www.youtube.com\/embed\/mDqxOS3_FfE?si=SQky1vQee5Px6ENv\" frameborder=\"0\" allow=\"accelerometer; autoplay; clipboard-write; encrypted-media; gyroscope; picture-in-picture; web-share\" allowfullscreen><\/iframe><\/p>\n<p><b>Nawiewniki okienne \u2013 \u015awie\u017ce powietrze w Twoim domu<\/b><br \/>\nNawiewniki to doskona\u0142e rozwi\u0105zanie u\u0142atwiaj\u0105ce utrzymanie odpowiedniej wilgotno\u015bci i Waszym pomieszczeniu. Zbalansowana wentylacja to klucz do r\u00f3wnowagi mi\u0119dzy oszcz\u0119dno\u015bci\u0105 energetyczn\u0105, a komfortem i higien\u0105 Waszego domu.<\/p>\n<p>W odpowiedzi na rosn\u0105ce potrzeby nowoczesnego budownictwa i oczekiwania klient\u00f3w firma AdamS prezentuje gam\u0119 wysokiej jako\u015bci nawiewnik\u00f3w okiennych. Te niepozorne akcesoria okienne odgrywaj\u0105 kluczow\u0105 rol\u0119 w zapewnieniu odpowiedniej wentylacji w ka\u017cdej przestrzeni mieszkalnej oraz u\u017cytkowej. Nawiewniki pomagaj\u0105 w utrzymaniu odpowiedniego poziomu wilgotno\u015bci w pomieszczeniu.<\/p>\n<p><b>Wi\u0119cej informacji w poni\u017cszym odno\u015bniku:<\/b><\/p>\n<p><a class=\"wp-block-button__link wp-element-button\" href=\"https:\/\/adams.com.pl\/oferta\/akcesoria\/nawiewniki\" target=\"_blank\" rel=\"noopener\">NAWIEWNIKI<\/a><\/p>\n","query_type":"category_ids","query_ids":[87],"default_option_id":13489,"thumbnail_id":"","thumbnail_src":"","quantity_min":1,"quantity_max":1,"priced_individually":false,"shipped_individually":false,"optional":false,"discount":"","options_style":"radios","pagination_style":"classic","display_prices":"absolute","show_sorting_options":false,"show_filtering_options":false,"attribute_filter_ids":[],"select_action":"view","product_title_visible":true,"product_descr_visible":true,"product_price_visible":true,"product_thumb_visible":true,"subtotal_visible_product":true,"subtotal_visible_cart":true,"subtotal_visible_orders":true},{"id":"1740061941","title":"KOLOR NAWIEWNIKA","description":"","query_type":"product_ids","query_ids":[17071,17077,17082,17075,17073,17080,17084],"default_option_id":17071,"thumbnail_id":"","thumbnail_src":"","quantity_min":1,"quantity_max":1,"priced_individually":false,"shipped_individually":false,"optional":false,"discount":"","options_style":"thumbnails","pagination_style":"classic","display_prices":"absolute","show_sorting_options":false,"show_filtering_options":false,"attribute_filter_ids":[],"select_action":"transition","product_title_visible":false,"product_descr_visible":false,"product_price_visible":false,"product_thumb_visible":false,"subtotal_visible_product":true,"subtotal_visible_cart":true,"subtotal_visible_orders":true},{"id":"1740062805","title":"KOLOR NAWIEWNIKA","description":"","query_type":"product_ids","query_ids":[17071,17075,17086],"default_option_id":17071,"thumbnail_id":"","thumbnail_src":"","quantity_min":1,"quantity_max":1,"priced_individually":false,"shipped_individually":false,"optional":false,"discount":"","options_style":"thumbnails","pagination_style":"classic","display_prices":"absolute","show_sorting_options":false,"show_filtering_options":false,"attribute_filter_ids":[],"select_action":"transition","product_title_visible":false,"product_descr_visible":false,"product_price_visible":false,"product_thumb_visible":false,"subtotal_visible_product":true,"subtotal_visible_cart":true,"subtotal_visible_orders":true},{"id":"1727699563","title":"SZPROSY","description":"<p><strong>SZPROSY<\/strong> to \u201elistewki\u201d, kt\u00f3re optycznie dziel\u0105 szyb\u0119 na mniejsze cz\u0119\u015bci. Nazywane s\u0105 te\u017c szczeblinami. Dawniej by\u0142y bardzo popularne, szczeg\u00f3lnie w oknach w pa\u0142acach i dworkach. Szprosy mog\u0105 by\u0107 mi\u0119dzyszybowe lub naklejane na pakiet szybowy. Te pierwsze trzeba zam\u00f3wi\u0107 od razu kupuj\u0105c okna, a naklejane mo\u017cna doda\u0107 w dowolnym momencie. Dzi\u015b szprosy stosuje si\u0119 najcz\u0119\u015bciej w oknach w domach w stylu dworkowym, a tak\u017ce w loftach. <\/p>\n<p><img src=\"https:\/\/konfigurator.dfirma.pl\/wp-content\/uploads\/2024\/09\/szprosy-e1730378936266.jpg\"><\/p>\n<p><b>Dowied\u017a si\u0119 wi\u0119cej:<\/b><\/p>\n<p><a class=\"wp-block-button__link wp-element-button\" href=\"https:\/\/adams.com.pl\/porady\/szprosy-w-oknach-czy-to-dobry-pomysl\" target=\"_blank\" rel=\"noopener\">SZPROSY - CZY TO DOBRY POMYS\u0141?<\/a><\/p>\n","query_type":"product_ids","query_ids":[13189,16817,16819,16821],"default_option_id":13189,"thumbnail_id":"","thumbnail_src":"","quantity_min":1,"quantity_max":1,"priced_individually":false,"shipped_individually":false,"optional":false,"discount":"","options_style":"radios","pagination_style":"classic","display_prices":"absolute","show_sorting_options":false,"show_filtering_options":false,"attribute_filter_ids":[],"select_action":"view","product_title_visible":true,"product_descr_visible":true,"product_price_visible":false,"product_thumb_visible":true,"subtotal_visible_product":true,"subtotal_visible_cart":true,"subtotal_visible_orders":true},{"id":"1727167241","title":"NISKI PR\u00d3G","description":"<div class=\"container\">\n<div class=\"row\">\n<div class=\"col-md-6\">\n<b>*NISKI PR\u00d3G DOTYCZY TYLKO OKNA BALKONOWEGO*<\/b><\/p>\n<p>Takie rozwi\u0105zanie ogranicza mo\u017cliwo\u015b\u0107 potkni\u0119cia i tym samym zwi\u0119ksza poziom bezpiecze\u0144stwa w naszych \u201eczterech k\u0105tach\u201d. Osoby starsze mog\u0105 mie\u0107 problem z pokonaniem tradycyjnego progu, dla os\u00f3b poruszaj\u0105cych si\u0119 na w\u00f3zku inwalidzkim stanowi on barier\u0119 komunikacyjn\u0105, a bawi\u0105ce si\u0119 dzieci cz\u0119sto nie zwracaj\u0105 uwagi na otaczaj\u0105ce ich przedmioty.<\/p>\n<\/div>\n<div class=\"col-md-6\">\n<img src=\"https:\/\/konfigurator.dfirma.pl\/wp-content\/uploads\/2024\/09\/niski-prog-568-x-392-23-e1730969749128.jpg\">\n <\/div>\n<\/p>\n<\/div>\n<\/div>\n<p><B>Wi\u0119cej informacji w poni\u017cszym odno\u015bniku:<\/b><\/p>\n<p><a class=\"wp-block-button__link wp-element-button\" href=\"https:\/\/adams.com.pl\/porady\/niski-prog-bezpieczenstwo-i-komfort-uzytkowania\" target=\"_blank\" rel=\"noopener\">NISKI PR\u00d3G<\/a><\/p>\n","query_type":"product_ids","query_ids":[13189,13188],"default_option_id":13189,"thumbnail_id":"","thumbnail_src":"","quantity_min":1,"quantity_max":1,"priced_individually":false,"shipped_individually":false,"optional":false,"discount":"","options_style":"radios","pagination_style":"classic","display_prices":"absolute","show_sorting_options":false,"show_filtering_options":false,"attribute_filter_ids":[],"select_action":"view","product_title_visible":false,"product_descr_visible":false,"product_price_visible":false,"product_thumb_visible":false,"subtotal_visible_product":true,"subtotal_visible_cart":true,"subtotal_visible_orders":true},{"id":"1734348781","title":"ZAWIAS","description":"<p>W pe\u0142ni kryta strona zawiasowa wyr\u00f3\u017cnia si\u0119 nie tylko nowoczesnym wygl\u0105dem, ale tak\u017ce doskona\u0142ymi parametrami termoizolacyjnymi. Nieprzerwana przez okucie ci\u0105g\u0142a linia uszczelnienia zapobiega skraplaniu si\u0119 powietrza na przyldze i ewentualnemu jej oblodzeniu. Niewielka ilo\u015b\u0107 miejsca wymagana do monta\u017cu okucia na ramie sprawia, \u017ce mo\u017cna je stosowa\u0107 przy bardzo w\u0105skich profilach, pozwala to jednocze\u015bnie unikn\u0105\u0107 niepo\u017c\u0105danych mostk\u00f3w termicznych.<\/p>\n<p><b>Wi\u0119cej informacji w poni\u017cszym odno\u015bniku:<\/b><\/p>\n<p><a class=\"wp-block-button__link wp-element-button\" href=\"https:\/\/adams.com.pl\/oferta\/akcesoria\/okucia\/okucie-titan-vv\" target=\"_blank\" rel=\"noopener\">UKRYTE ZAWIASY<\/a> <a class=\"wp-block-button__link wp-element-button\" href=\"https:\/\/adams.com.pl\/oferta\/akcesoria\/okucia\" target=\"_blank\" rel=\"noopener\">DODATKI OKUCIOWE<\/a><\/p>\n","query_type":"product_ids","query_ids":[16803,14541],"default_option_id":16803,"thumbnail_id":"","thumbnail_src":"","quantity_min":1,"quantity_max":1,"priced_individually":false,"shipped_individually":false,"optional":false,"discount":"","options_style":"radios","pagination_style":"classic","display_prices":"absolute","show_sorting_options":false,"show_filtering_options":false,"attribute_filter_ids":[],"select_action":"view","product_title_visible":true,"product_descr_visible":true,"product_price_visible":true,"product_thumb_visible":true,"subtotal_visible_product":true,"subtotal_visible_cart":true,"subtotal_visible_orders":true},{"id":"1746530855","title":"RUCHOMY S\u0141UPEK","description":"<p><img src=\"https:\/\/konfigurator.adams.com.pl\/wp-content\/uploads\/2025\/05\/edf577f7-a1e0-420a-adf2-20da87cfe88c-e1746528780411.png\"><\/p>\n<section class=\"ruchomy-slupek\">\n<h2><strong>RUCHOMY S\u0141UPEK W OKNACH<\/strong><\/h2>\n<p>\n    <strong>RUCHOMY S\u0141UPEK<\/strong> (zwany te\u017c <em>s\u0142upkiem ruchomym \u015brodkowym<\/em>) to element konstrukcyjny stosowany w oknach dwuskrzyd\u0142owych, kt\u00f3ry pozwala na otwarcie obu skrzyde\u0142 bez pozostawienia sta\u0142ego podzia\u0142u pomi\u0119dzy nimi.\n  <\/p>\n<h3><strong>CZYM JEST RUCHOMY S\u0141UPEK?<\/strong><\/h3>\n<p>\n    Jest to profil montowany na jednym ze skrzyde\u0142 okiennych, a nie na ramie okna. Gdy oba skrzyd\u0142a s\u0105 otwarte, s\u0142upek odchodzi razem ze skrzyd\u0142em, dzi\u0119ki czemu otw\u00f3r okienny jest ca\u0142kowicie wolny, bez przeszk\u00f3d.\n  <\/p>\n<p>\n    W przeciwie\u0144stwie do s\u0142upka sta\u0142ego, kt\u00f3ry dzieli okno na sta\u0142e, s\u0142upek ruchomy zapewnia wi\u0119ksz\u0105 funkcjonalno\u015b\u0107 i estetyk\u0119.\n  <\/p>\n<h3><strong>ZALETY:<\/strong><\/h3>\n<ul>\n<li><strong>Lepszy dost\u0119p i widoczno\u015b\u0107<\/strong> \u2013 brak przeszkody w \u015bwietle otworu.<\/li>\n<li><strong>U\u0142atwia wietrzenie<\/strong>, mycie okien oraz przenoszenie du\u017cych przedmiot\u00f3w.<\/li>\n<li><strong>Wi\u0119ksza estetyka<\/strong> \u2013 czystszy podzia\u0142 okna.<\/li>\n<\/ul>\n<h3><strong>ZASTOSOWANIE:<\/strong><\/h3>\n<p>\n    Ruchomy s\u0142upek stosowany jest najcz\u0119\u015bciej w oknach dwuskrzyd\u0142owych otwieranych do \u015brodka \u2013 zar\u00f3wno w domach jednorodzinnych, mieszkaniach, jak i biurach. Szczeg\u00f3lnie polecany tam, gdzie wa\u017cny jest pe\u0142ny dost\u0119p do otworu okiennego.\n  <\/p>\n<\/section>\n","query_type":"product_ids","query_ids":[13189,13188],"default_option_id":13189,"thumbnail_id":"","thumbnail_src":"","quantity_min":1,"quantity_max":1,"priced_individually":false,"shipped_individually":false,"optional":false,"discount":"","options_style":"radios","pagination_style":"classic","display_prices":"absolute","show_sorting_options":false,"show_filtering_options":false,"attribute_filter_ids":[],"select_action":"view","product_title_visible":true,"product_descr_visible":true,"product_price_visible":true,"product_thumb_visible":true,"subtotal_visible_product":true,"subtotal_visible_cart":true,"subtotal_visible_orders":true},{"id":"1734699315","title":"KONTAKTRONY","description":"<p>Okna mog\u0105 r\u00f3wnie\u017c wsp\u00f3\u0142pracowa\u0107 z systemem alarmowym. Sp\u00f3\u0142ka AdamS oferuje okna, do kt\u00f3rych mo\u017cna zam\u00f3wi\u0107 fabrycznie montowane okucia Siegenia z kontaktronami. To czujniki magnetyczne, kt\u00f3re zainstalowane w oknach lub drzwiach tarasowych pe\u0142ni\u0105 rol\u0119 wykrywaczy pr\u00f3b w\u0142amania.<br \/>\nJak to dzia\u0142a? Przy pr\u00f3bie w\u0142amania kontaktron pracuj\u0105cy w polu bimetalu, uruchomi alarm, gdy nast\u0105pi pr\u00f3ba otwarcia lub przesuni\u0119cia rolek dociskowych w oknie. W\u0142a\u015bciciel domu otrzyma tak\u017ce informacj\u0119 z systemu alarmowego, kt\u00f3re z okien nie s\u0105 zamkni\u0119te.<br \/>\nKontraktony zamontowane w oknach mog\u0105 r\u00f3wnie\u017c ograniczy\u0107 zu\u017cycie energii na ogrzewanie domu. \u0141\u0105czy si\u0119 je z systemem ogrzewania i w momencie, gdy okno zostanie otwarte, czujniki przekazuj\u0105 informacj\u0119 do elektrozawor\u00f3w na grzejnikach, a te automatycznie wy\u0142\u0105czaj\u0105 ogrzewanie, zmniejszaj\u0105c w ten spos\u00f3b straty energii. <\/p>\n<h2 class=\"col-sm-12 \">ELEKTRONICZNA OCHRONA ANTYW\u0141AMANIOWA<\/h2>\n<div class=\"ce-image col-sm-4 mb-xs \">\n<div class=\"wrapper\">\n<figure><img src=\"https:\/\/www.siegenia.com\/siauv4\/media\/products\/comfort-systems\/monitoring\/aerocontrol\/komfortsysteme_ueberwachung_aerocontrol_elektronischer_einbruchschutz.jpg\" alt=\"Komfortsysteme Ueberwachung Aerocontrol Elektronischer Einbruchschutz\" \/><\/figure>\n<\/div>\n<\/div>\n<div id=\"\" class=\"ce-text col-xs- col-sm-7 col-md- mb-xs\">\n<p>Dzi\u0119ki prze\u0142\u0105cznikowi magnetycznemu AEROCONTROL mo\u017cna z\u00a0powodzeniem\u00a0w\u0142\u0105cza\u0107 okna i\u00a0drzwi HS do\u00a0systemu\u00a0monitorowania\u00a0lub centrali\u00a0 alarmowej. Czujniki dzia\u0142aj\u0105 na zasadzie element\u00f3w sygnalizacyjnych, mog\u0105 te\u017c,\u00a0 w\u00a0zale\u017cno\u015bci od rodzaju prze\u0142\u0105cznika,\u00a0kontrolowa\u0107\u00a0nie tylko stan otwarcia, ale tak\u017ce prawid\u0142owe zamkni\u0119cie. AEROCONTROL jako\u00a0nowoczesne rozwi\u0105zanie zabezpieczaj\u0105ce, posiada r\u00f3wnie\u017c atest VdS do klasy C.<\/p>\n<\/div>\n<h2 class=\"col-sm-12 \">AUTOMATYCZNE STEROWANIE OGRZEWANIEM<\/h2>\n<div class=\"ce-image col-sm-4 mb-xs \">\n<div class=\"wrapper\">\n<figure><img src=\"https:\/\/www.siegenia.com\/siauv4\/media\/products\/comfort-systems\/monitoring\/aerocontrol\/komfortsysteme_ueberwachung_aerocontrol_automatische_heizungssteuerung.jpg\" alt=\"Komfortsysteme Ueberwachung Aerocontrol Automatische Heizungssteuerung\" \/><\/figure>\n<\/div>\n<\/div>\n<div id=\"\" class=\"ce-text col-xs- col-sm-7 col-md- mb-xs\">\n<p>Okre\u015blone prze\u0142\u0105czniki magnetyczne mog\u0105 \u0142\u0105czy\u0107 si\u0119, przez centralny system\u00a0zarz\u0105dzania obiektem, z\u00a0termostatami zainstalowanymi na grzejnikach. Dzi\u0119ki temu w\u00a0momencie otwarcia okna\u00a0np. w\u00a0celu wywietrzenia pomieszczenia, grzejnik zostaje automatycznie wy\u0142\u0105czony, co przek\u0142ada si\u0119 na ni\u017csze zu\u017cycie\u00a0energii.<\/p>\n<\/div>\n<h2 class=\"col-sm-12 \">BEZPIECZNA PRACA URZ\u0104DZE\u0143 WENTYLACYJNYCH<\/h2>\n<div class=\"ce-image col-sm-4 \">\n<div class=\"wrapper\">\n<figure><img src=\"https:\/\/www.siegenia.com\/siauv4\/media\/products\/comfort-systems\/monitoring\/aerocontrol\/komfortsysteme_ueberwachung_aerocontrol_sicherer_betrieb_abluftgeraete.jpg\" alt=\"Komfortsysteme Ueberwachung Aerocontrol Sicherer Betrieb Abluftgeraete\" \/><\/figure>\n<\/div>\n<\/div>\n<div id=\"\" class=\"ce-text col-xs- col-sm-7 col-md- \">\n<p>Pakiet\u00a0z\u0142o\u017cony\u00a0z naszego wy\u0142\u0105cznika bezpiecze\u0144stwa wentylacji wywiewnej oraz<br \/>\nzintegrowanego czujnika\u00a0AEROCONTROL\u00a0posiada\u00a0aprobat\u0119 DIBt i\u00a0w\u00a0po\u0142\u0105czeniu z\u00a0okapami kuchennymi i\u00a0innymi urz\u0105dzeniami do wentylacji troszczy si\u0119 o\u00a0bezpiecze\u0144stwo pomieszcze\u0144 z\u00a0otwartymi\u00a0paleniskami.<\/p>\n<\/div>\n","query_type":"product_ids","query_ids":[13189,14552],"default_option_id":13189,"thumbnail_id":"","thumbnail_src":"","quantity_min":1,"quantity_max":1,"priced_individually":false,"shipped_individually":false,"optional":false,"discount":"","options_style":"radios","pagination_style":"classic","display_prices":"absolute","show_sorting_options":false,"show_filtering_options":false,"attribute_filter_ids":[],"select_action":"view","product_title_visible":false,"product_descr_visible":false,"product_price_visible":false,"product_thumb_visible":false,"subtotal_visible_product":true,"subtotal_visible_cart":true,"subtotal_visible_orders":true},{"id":"1742810105","title":"ZATRZASK BALKONOWY","description":"<p><img src=\"https:\/\/konfigurator.adams.com.pl\/wp-content\/uploads\/2025\/02\/ZATRZASK-BALKONOWY-e1740470395294.jpg\"> <img src=\"https:\/\/konfigurator.adams.com.pl\/wp-content\/uploads\/2025\/03\/POCHWYTY-1.jpg\"><br \/>\nZabezpiecza drzwi przed nag\u0142ym otwarciem lub zatrza\u015bni\u0119ciem<br \/>\nPodczas zamykania utrzymuje skrzyd\u0142o w pozycji zatrza\u015bni\u0119tej<br \/>\nzabezpiecza drzwi przed nag\u0142ym otwarciem lub zatrza\u015bni\u0119ciem<br \/>\nskr\u00f3cony czas monta\u017cu i magazynowania: jako element ramowy wykorzystywany jest standardowy zaczep<br \/>\nju\u017c standardowa wersja zatrzasku daje mo\u017cliwo\u015b\u0107 regulowania si\u0142y klinowania i cechuje si\u0119 niskim poziomem tarcia<br \/>\nzatrzaski w wersji komfort posiadaj\u0105 opcj\u0119 odblokowania w pozycji uchy\u0142u<br \/>\ndo skrzyd\u0142a o szeroko\u015bci we wr\u0119bie 1401 \u2013 3000 mm.<\/p>\n<p><b>Dowied\u017a si\u0119 wi\u0119cej:<\/b><\/p>\n<p><a class=\"wp-block-button__link wp-element-button\" href=\"https:\/\/adams.com.pl\/oferta\/akcesoria\/okucia\/titan-af-zatrzask-balkonowy\" target=\"_blank\" rel=\"noopener\">ZATRZASK BALKONOWY<\/a><\/p>\n","query_type":"product_ids","query_ids":[13189,13188],"default_option_id":13189,"thumbnail_id":"","thumbnail_src":"","quantity_min":1,"quantity_max":1,"priced_individually":false,"shipped_individually":false,"optional":false,"discount":"","options_style":"radios","pagination_style":"classic","display_prices":"absolute","show_sorting_options":false,"show_filtering_options":false,"attribute_filter_ids":[],"select_action":"view","product_title_visible":false,"product_descr_visible":false,"product_price_visible":false,"product_thumb_visible":false,"subtotal_visible_product":true,"subtotal_visible_cart":true,"subtotal_visible_orders":true},{"id":"1734350347","title":"ENERGOOSZCZ\u0118DNA ROZW\u00d3RKA ","description":"<p><strong>Wygodna wentylacja dzi\u0119ki ograniczeniu szeroko\u015bci uchy\u0142u.<\/strong><br \/>\nEnergooszcz\u0119dna rozw\u00f3rka ZIMA\/LATO jest rozwi\u0105zaniem, kt\u00f3re umo\u017cliwia dopasowanie ilo\u015bci wpuszczanego powietrza do warunk\u00f3w klimatycznych na zewn\u0105trz. W ten spos\u00f3b za pomoc\u0105 prostego ruchu r\u0119ki mo\u017cna zniwelowa\u0107 nieprzyjemne przeci\u0105gi i wysokie koszty energii.<\/p>\n<p>wentylacja letnia: uchy\u0142 standardowy<br \/>\nwentylacja zimowa: uchy\u0142 ok. 40 mm<br \/>\nprzestawienie z wentylacji letniej na zimow\u0105 bez u\u017cycia narz\u0119dzi<br \/>\nzintegrowane zabezpieczenie przed zatrza\u015bni\u0119ciem otwartego okna<br \/>\nszybka instalacja i \u0142atwy p\u00f3\u017aniejszy monta\u017c<\/p>\n<p><b>Dowied\u017a si\u0119 wi\u0119cej:<\/b><\/p>\n<p><a class=\"wp-block-button__link wp-element-button\" href=\"https:\/\/adams.com.pl\/oferta\/akcesoria\/okucia\/rozworka-zima-lato\" target=\"_blank\" rel=\"noopener\">ROZW\u00d3RKA LATO-ZIMA<\/a><\/p>\n<p><img src=\"https:\/\/konfigurator.adams.com.pl\/wp-content\/uploads\/2025\/02\/ROZWORKA-e1740470850366-1.jpg\"> <img src=\"https:\/\/konfigurator.adams.com.pl\/wp-content\/uploads\/2025\/02\/ROZWORKA-ZIMA-e1740470315687-1.jpg\"><\/p>\n","query_type":"product_ids","query_ids":[13189,13188],"default_option_id":13189,"thumbnail_id":"","thumbnail_src":"","quantity_min":1,"quantity_max":1,"priced_individually":false,"shipped_individually":false,"optional":false,"discount":"","options_style":"radios","pagination_style":"classic","display_prices":"absolute","show_sorting_options":false,"show_filtering_options":false,"attribute_filter_ids":[],"select_action":"transition","product_title_visible":false,"product_descr_visible":false,"product_price_visible":false,"product_thumb_visible":false,"subtotal_visible_product":false,"subtotal_visible_cart":false,"subtotal_visible_orders":false},{"id":"1740388470","title":"HAMULEC STEROWANY KLAMK\u0104","description":"<p><STRONG>Zawsze odpowiednia szeroko\u015b\u0107 otwarcia \u2013 nawet przy silnym wietrze.<\/STRONG><\/p>\n<p>Indywidualne ustalenie szeroko\u015bci otwarcia: skrzyd\u0142o jest blokowane w \u017c\u0105danym po\u0142o\u017ceniu.<br \/>\nWyklucza mo\u017cliwo\u015b\u0107 przypadkowego otwarcia lub zamkni\u0119cia skrzyd\u0142a, nawet przy silnych podmuchach wiatru.<br \/>\nWysokie bezpiecze\u0144stwo dzia\u0142ania dzi\u0119ki zabezpieczeniu przed przeci\u0105giem.<br \/>\nCa\u0142kowicie ukryty monta\u017c.<br \/>\n\u0141atwy monta\u017c lub modernizacja w szeroko\u015bci skrzyd\u0142a we wr\u0119bie od 470 \u2013 960 mm.<\/p>\n<p><img src=\"https:\/\/konfigurator.adams.com.pl\/wp-content\/uploads\/2025\/02\/HAMULEC-STEROWANY-KLAMKA-e1740470454822.jpg\"><\/p>\n","query_type":"product_ids","query_ids":[13189,13188],"default_option_id":13189,"thumbnail_id":"","thumbnail_src":"","quantity_min":1,"quantity_max":1,"priced_individually":false,"shipped_individually":false,"optional":false,"discount":"","options_style":"radios","pagination_style":"classic","display_prices":"absolute","show_sorting_options":false,"show_filtering_options":false,"attribute_filter_ids":[],"select_action":"view","product_title_visible":false,"product_descr_visible":false,"product_price_visible":false,"product_thumb_visible":false,"subtotal_visible_product":true,"subtotal_visible_cart":true,"subtotal_visible_orders":true},{"id":"1740400967","title":"BLOKADA B\u0141\u0118DNEGO PO\u0141O\u017bENIA KLAMKI","description":"<p><img src=\"https:\/\/konfigurator.adams.com.pl\/wp-content\/uploads\/2025\/02\/bledne-polozenie-klamki-e1740470243945.jpg\"> <img> <\/p>\n<p><strong>B\u0142\u0119dy si\u0119 zdarzaj\u0105, ale nie z TITANEM!<\/strong><br \/>\nbrak mo\u017cliwo\u015bci jednoczesnego wprowadzania okna w pozycj\u0119 otwarcia i uchy\u0142u, a do tego du\u017ce bezpiecze\u0144stwo u\u017cytkowania i bezpo\u015brednie dzia\u0142anie w miejscu przy\u0142o\u017cenia si\u0142y<br \/>\nzastosowanie niezale\u017cnie od rozmiaru okna<br \/>\n\u0142atwy monta\u017c bez dodatkowych narz\u0119dzi<br \/>\npe\u0142na funkcjonalno\u015b\u0107 bez wzgl\u0119du na tolerancje monta\u017cowe<br \/>\ndoskona\u0142a r\u00f3wnie\u017c do modernizacji ju\u017c zamontowanych okien<br \/>\n<b>FUNKCJA BLOKADY B\u0141\u0118DNEGO PO\u0141O\u017bENIA KLAMKI W SYSTEMACH PASSIV LINE ULTRA, PASSIV LINE PLUS, PASSIV LINE S, VEKA PF70, VEKA SL76, VEKA SL82, IDEAL 8000 JEST W STANDARDZIE.<br \/>\nOPCJA WYBORU DOTYCZY TYLKO SYSTEM\u00d3W: AS CLASSIC, AS PLUS, AS RONDO ORAZ ELEGANT INFINITY 76<\/B><\/p>\n","query_type":"product_ids","query_ids":[13189,13188],"default_option_id":13189,"thumbnail_id":"","thumbnail_src":"","quantity_min":1,"quantity_max":1,"priced_individually":false,"shipped_individually":false,"optional":false,"discount":"","options_style":"radios","pagination_style":"classic","display_prices":"absolute","show_sorting_options":false,"show_filtering_options":false,"attribute_filter_ids":[],"select_action":"transition","product_title_visible":false,"product_descr_visible":false,"product_price_visible":false,"product_thumb_visible":false,"subtotal_visible_product":true,"subtotal_visible_cart":true,"subtotal_visible_orders":true},{"id":"1742812033","title":"SI\u0141OWNIKI SMART HOME","description":"<p><iframe width=\"350\" height=\"190\" src=\"https:\/\/www.youtube.com\/embed\/hZAMNe7Tc6c?si=smjyktbffn9-jaiB\" frameborder=\"0\" allow=\"accelerometer; autoplay; clipboard-write; encrypted-media; gyroscope; picture-in-picture; web-share\" allowfullscreen><\/iframe> <iframe width=\"350\" height=\"190\" src=\"https:\/\/www.youtube.com\/embed\/7w3nK4_tkPw?si=wD3TI7m9OsSrFm-6\" frameborder=\"0\" allow=\"accelerometer; autoplay; clipboard-write; encrypted-media; gyroscope; picture-in-picture; web-share\" allowfullscreen><\/iframe><\/p>\n<h2>\ud83c\udfe1 <strong>INTELIGENTNE OKNA W SYSTEMIE SMART HOME<\/strong><\/h2>\n<h2><strong>NOWOCZESNE ROZWI\u0104ZANIA DLA TWOJEGO KOMFORTU I BEZPIECZE\u0143STWA<\/strong><\/h2>\n<hr>\n<h2>\ud83d\udd0c <strong>ELEKTRYCZNA INSTALACJA \u2013 FUNDAMENT SMART DOMU<\/strong><\/h2>\n<p><strong>Dom inteligentny<\/strong> wymaga odpowiedniej <strong>instalacji elektrycznej<\/strong>, kt\u00f3ra umo\u017cliwia:<\/p>\n<ul>\n<li><span style=\"font-size: 16px\">zdalne sterowanie urz\u0105dzeniami,<\/span><\/li>\n<li><span style=\"font-size: 16px\">programowanie ich dzia\u0142ania,<\/span><\/li>\n<li><span style=\"font-size: 16px\">integracj\u0119 z aplikacjami mobilnymi.<\/span><\/li>\n<\/ul>\n<p><strong>To samo dotyczy okien<\/strong> \u2013 po zainstalowaniu <strong>elektrycznego sterowania<\/strong>, staj\u0105 si\u0119 one integraln\u0105 cz\u0119\u015bci\u0105 systemu <strong>Smart Home<\/strong>.<\/p>\n<hr>\n<h2>\u2699\ufe0f <strong>JAK TO DZIA\u0141A?<\/strong><\/h2>\n<p>Aby okna mog\u0142y dzia\u0142a\u0107 w systemie inteligentnego domu, nale\u017cy zamontowa\u0107 w nich:<\/p>\n<ul>\n<li><strong>mechaniczny nap\u0119d \u0142a\u0144cuchowy<\/strong> lub<\/li>\n<li><strong>system si\u0142ownik\u00f3w<\/strong><\/li>\n<\/ul>\n<p><strong>Dzi\u0119ki temu mo\u017cliwe b\u0119dzie sterowanie oknami za pomoc\u0105:<\/strong><\/p>\n<ul>\n<li><span style=\"font-size: 16px\">\ud83d\udcf1 smartfona (z odpowiedni\u0105 aplikacj\u0105)<\/span><\/li>\n<li><span style=\"font-size: 16px\">\ud83d\uddb2\ufe0f pilota<\/span><\/li>\n<li><span style=\"font-size: 16px\">\ud83d\udda5\ufe0f panelu dotykowego<\/span><\/li>\n<\/ul>\n<p><strong style=\"font-size: 16px\">\ud83d\udca1 Idealne rozwi\u0105zanie do okien wysoko po\u0142o\u017conych lub trudno dost\u0119pnych!<\/strong><\/p>\n<hr>\n<h2>\ud83c\udf10 <strong>ZDALNA OBS\u0141UGA Z KA\u017bDEGO MIEJSCA<\/strong><\/h2>\n<p><strong>Smartfon z dost\u0119pem do Internetu<\/strong> pozwala na obs\u0142ug\u0119 okien bez wzgl\u0119du na to, gdzie si\u0119 znajdujesz.<\/p>\n<p><strong>Przebywasz poza domem?<\/strong><\/p>\n<ul>\n<li><strong>\u27a1\ufe0f Mo\u017cesz przewietrzy\u0107 wn\u0119trza<\/strong><\/li>\n<li><strong>\u27a1\ufe0f Sprawdzi\u0107, czy okna s\u0105 zamkni\u0119te<\/strong><\/li>\n<li><strong>\u27a1\ufe0f Zareagowa\u0107 na zmieniaj\u0105ce si\u0119 warunki atmosferyczne<\/strong><\/li>\n<\/ul>\n<hr>\n<h2>\ud83d\udca1 <strong>CO UMO\u017bLIWIAJ\u0104 INTELIGENTNE OKNA?<\/strong><\/h2>\n<ul>\n<li><strong>\u2705 Programowanie czasu otwierania i zamykania<\/strong><br \/>\n  \u2013 np. rano przy wstawaniu lub wieczorem przed snem<\/li>\n<p><\/p>\n<li><strong>\u2705 Automatyczne reagowanie na pogod\u0119<\/strong><br \/>\n  \u2013 okna mog\u0105 si\u0119 same zamkn\u0105\u0107 w przypadku:<br \/>\n  <span style=\"font-size: 16px\">\u2614 opad\u00f3w deszczu lub \u2744\ufe0f \u015bniegu<\/span><br \/>\n  <span style=\"font-size: 16px\">\ud83c\udf2c\ufe0f silnego wiatru<\/span><\/li>\n<p><\/p>\n<li><strong>\u2705 Utrzymywanie komfortu wewn\u0105trz domu<\/strong><br \/>\n  \u2013 sterowanie poziomem <strong>temperatury<\/strong> i <strong>wilgotno\u015bci powietrza<\/strong><\/li>\n<p><\/p>\n<li><strong>\u2705 Zdalna kontrola z aplikacji mobilnej<\/strong><br \/>\n  \u2013 pe\u0142na kontrola nad oknami <strong>z dowolnego miejsca na \u015bwiecie<\/strong><\/li>\n<\/ul>\n<p><b>Dowied\u017a si\u0119 wi\u0119cej w poni\u017cszych odno\u015bnikach:<\/b><\/p>\n<p><a class=\"wp-block-button__link wp-element-button\" href=\"https:\/\/adams.com.pl\/nowoczesne-rozwiazania\/okna-w-kontekscie-inteligentnego-domu\" target=\"_blank\" rel=\"noopener\">OKNA W KONTEK\u015aCIE INTELIGENTNEGO DOMU<\/a>   <a class=\"wp-block-button__link wp-element-button\" href=\"https:\/\/adams.com.pl\/porady\/czy-okna-moga-byc-podlaczone-do-systemu-domu-inteligentnego\" target=\"_blank\" rel=\"noopener\">POD\u0141\u0104CZENIE OKIEN DO SYSTEMU SMART HOME<\/a>  <a class=\"wp-block-button__link wp-element-button\" href=\"https:\/\/youtu.be\/hZAMNe7Tc6c\" target=\"_blank\" rel=\"noopener\">PREZENTACJA<\/a>   <a class=\"wp-block-button__link wp-element-button\" href=\"https:\/\/youtu.be\/7w3nK4_tkPw?si=BtAhj9zXBPcCgalu\" target=\"_blank\" rel=\"noopener\">PREZENTACJA DZIA\u0141ANIA SI\u0141OWNIK\u00d3W<\/a><\/p>\n","query_type":"product_ids","query_ids":[13189,13188],"default_option_id":13189,"thumbnail_id":"","thumbnail_src":"","quantity_min":1,"quantity_max":1,"priced_individually":false,"shipped_individually":false,"optional":false,"discount":"","options_style":"radios","pagination_style":"classic","display_prices":"absolute","show_sorting_options":false,"show_filtering_options":false,"attribute_filter_ids":[],"select_action":"view","product_title_visible":false,"product_descr_visible":false,"product_price_visible":false,"product_thumb_visible":false,"subtotal_visible_product":true,"subtotal_visible_cart":true,"subtotal_visible_orders":true},{"id":"1727166465","title":"PRZEZNACZENIE","description":"","query_type":"product_ids","query_ids":[13186,13187],"default_option_id":13186,"thumbnail_id":"","thumbnail_src":"","quantity_min":1,"quantity_max":1,"priced_individually":false,"shipped_individually":false,"optional":false,"discount":"","options_style":"radios","pagination_style":"classic","display_prices":"absolute","show_sorting_options":false,"show_filtering_options":false,"attribute_filter_ids":[],"select_action":"view","product_title_visible":true,"product_descr_visible":true,"product_price_visible":true,"product_thumb_visible":true,"subtotal_visible_product":true,"subtotal_visible_cart":true,"subtotal_visible_orders":true},{"id":"1728053461","title":"ILO\u015a\u0106","description":"<p>PROSZ\u0118 ZADEKLAROWA\u0106 ORIENTACYJN\u0104 ILO\u015a\u0106 SZTUK ZAPOTRZEBOWANIA NA STOLARK\u0118.<\/p>\n","query_type":"product_ids","query_ids":[13560,13563,13565,13568,13572],"default_option_id":13560,"thumbnail_id":"","thumbnail_src":"","quantity_min":1,"quantity_max":1,"priced_individually":false,"shipped_individually":false,"optional":false,"discount":"","options_style":"dropdowns","pagination_style":"classic","display_prices":"absolute","show_sorting_options":false,"show_filtering_options":false,"attribute_filter_ids":[],"select_action":"transition","product_title_visible":false,"product_descr_visible":false,"product_price_visible":false,"product_thumb_visible":false,"subtotal_visible_product":true,"subtotal_visible_cart":true,"subtotal_visible_orders":true}],"composite_scenarios":[{"id":"1726671231","name":"Pakiet szybowy 24MM","description":"","configuration":[{"component_id":"1726654276","options_modifier":"in","component_options":[13037,13039,13046]}],"actions":[{"action_id":"compat_group","is_active":false},{"action_id":"conditional_components","is_active":false,"hidden_components":[]},{"action_id":"conditional_options","is_active":true,"hidden_options":[{"component_id":"1726655848","component_options":[13050,13051],"options_modifier":"in"}]}],"enabled":true},{"id":"1726740506","name":"Ornament","description":"","configuration":[{"component_id":"1726667274","options_modifier":"in","component_options":[13075]}],"actions":[{"action_id":"compat_group","is_active":false},{"action_id":"conditional_components","is_active":false,"hidden_components":[]},{"action_id":"conditional_options","is_active":false,"hidden_options":[]}],"enabled":true},{"id":"1727876709","name":"PIASKOWANE","description":"","configuration":[{"component_id":"1726667274","options_modifier":"in","component_options":[]}],"actions":[{"action_id":"compat_group","is_active":false},{"action_id":"conditional_components","is_active":true,"hidden_components":["1726737644"]},{"action_id":"conditional_options","is_active":false,"hidden_options":[]}],"enabled":true},{"id":"1727878858","name":"BRAK - SZYBY OZDOBNE ","description":"","configuration":[{"component_id":"1726667274","options_modifier":"in","component_options":[13073]}],"actions":[{"action_id":"compat_group","is_active":false},{"action_id":"conditional_components","is_active":true,"hidden_components":["1726737644"]},{"action_id":"conditional_options","is_active":false,"hidden_options":[]}],"enabled":true},{"id":"1726743350","name":"Kolory ramek","description":"","configuration":[{"component_id":"1726667810","options_modifier":"not-in","component_options":[13077,13917]}],"actions":[{"action_id":"compat_group","is_active":false},{"action_id":"conditional_components","is_active":true,"hidden_components":["1726743090"]},{"action_id":"conditional_options","is_active":false,"hidden_options":[]}],"enabled":true},{"id":"1727090507","name":"Pakiet szybowy 48MM","description":"","configuration":[{"component_id":"1726654276","options_modifier":"in","component_options":[13038,13040,13041,18153,13043,13044,13045,17908,13047]}],"actions":[{"action_id":"compat_group","is_active":false},{"action_id":"conditional_components","is_active":false,"hidden_components":[]},{"action_id":"conditional_options","is_active":true,"hidden_options":[{"component_id":"1726655848","component_options":[13049,13050,16842],"options_modifier":"in"}]}],"enabled":true},{"id":"1727170535","name":"SYSTEM-OKLEINY ALUPLAST","description":"","configuration":[{"component_id":"1726654276","options_modifier":"in","component_options":[13040,13046,17908,13047]}],"actions":[{"action_id":"compat_group","is_active":false},{"action_id":"conditional_components","is_active":true,"hidden_components":["1726755232"]},{"action_id":"conditional_options","is_active":false,"hidden_options":[]}],"enabled":true},{"id":"1727170655","name":"TYP OKLEIN","description":"","configuration":[{"component_id":"1726749058","options_modifier":"in","component_options":[13121,13124]}],"actions":[{"action_id":"compat_group","is_active":false},{"action_id":"conditional_components","is_active":true,"hidden_components":["1726755232"]},{"action_id":"conditional_options","is_active":false,"hidden_options":[]}],"enabled":true},{"id":"1727182879","name":"TYP OKLEINY DWUKOLOR","description":"","configuration":[{"component_id":"1726749058","options_modifier":"in","component_options":[13121,13122,13125,13123]}],"actions":[{"action_id":"compat_group","is_active":false},{"action_id":"conditional_components","is_active":true,"hidden_components":["1727182365","1727182364"]},{"action_id":"conditional_options","is_active":false,"hidden_options":[]}],"enabled":true},{"id":"1727693468","name":"SYSTEM-OKLEINY VEKA","description":"","configuration":[{"component_id":"1726654276","options_modifier":"in","component_options":[13037,13038,13039,13040,13041,13044,13043,13045]}],"actions":[{"action_id":"compat_group","is_active":false},{"action_id":"conditional_components","is_active":true,"hidden_components":["1727693021"]},{"action_id":"conditional_options","is_active":false,"hidden_options":[]}],"enabled":true},{"id":"1727693766","name":"SYSTEM-OKLEINY DECEUNINCK","description":"","configuration":[{"component_id":"1726654276","options_modifier":"in","component_options":[13037,13038,13039,13041,13043,13044,13045,13046,17908,13047]}],"actions":[{"action_id":"compat_group","is_active":false},{"action_id":"conditional_components","is_active":true,"hidden_components":["1727693567"]},{"action_id":"conditional_options","is_active":false,"hidden_options":[]}],"enabled":true},{"id":"1727947053","name":"BRAK OKLEINY ALL","description":"","configuration":[{"component_id":"1726749058","options_modifier":"in","component_options":[13121]}],"actions":[{"action_id":"compat_group","is_active":false},{"action_id":"conditional_components","is_active":true,"hidden_components":["1727182365","1727182364","1727947824","1727947825","1727947826","1727947827","1726755232","1727693021","1727693567"]},{"action_id":"conditional_options","is_active":false,"hidden_options":[]}],"enabled":true},{"id":"1727947517","name":"TYP OKLEINOWANIA ZEW WEW DWUST A","description":"","configuration":[{"component_id":"1726654276","options_modifier":"in","component_options":[13037,13038,13039,13041,18153,13043,13044,13045]},{"component_id":"1726749058","options_modifier":"in","component_options":[13123,13122,13125]}],"actions":[{"action_id":"compat_group","is_active":false},{"action_id":"conditional_components","is_active":true,"hidden_components":["1727182365","1727182364","1727947824","1727947825","1727947826","1727947827","1727693021","1727693567"]},{"action_id":"conditional_options","is_active":false,"hidden_options":[]}],"enabled":true},{"id":"1727949003","name":"TYP OKLEINOWANIA ZEW WEW DWUST V","description":"","configuration":[{"component_id":"1726654276","options_modifier":"in","component_options":[13046,17908,13047]},{"component_id":"1726749058","options_modifier":"in","component_options":[13123,13122,13125]}],"actions":[{"action_id":"compat_group","is_active":false},{"action_id":"conditional_components","is_active":true,"hidden_components":["1727182365","1727182364","1727947824","1727947825","1727947826","1727947827","1726755232","1727693567"]},{"action_id":"conditional_options","is_active":false,"hidden_options":[]}],"enabled":true},{"id":"1727949249","name":"TYP OKLEINOWANIA ZEW WEW DWU D","description":"","configuration":[{"component_id":"1726654276","options_modifier":"in","component_options":[13040]},{"component_id":"1726749058","options_modifier":"in","component_options":[13123,13122,13125]}],"actions":[{"action_id":"compat_group","is_active":false},{"action_id":"conditional_components","is_active":true,"hidden_components":["1727182365","1727182364","1727947824","1727947825","1727947826","1727947827","1726755232","1727693021"]},{"action_id":"conditional_options","is_active":false,"hidden_options":[]}],"enabled":true},{"id":"1727949374","name":"DWUKOLOR A","description":"","configuration":[{"component_id":"1726654276","options_modifier":"in","component_options":[13037,13038,13039,13041,18153,13043,13044,13045]},{"component_id":"1726749058","options_modifier":"in","component_options":[13124]}],"actions":[{"action_id":"compat_group","is_active":false},{"action_id":"conditional_components","is_active":true,"hidden_components":["1727947824","1727947825","1727947826","1727947827","1726755232","1727693021","1727693567"]},{"action_id":"conditional_options","is_active":false,"hidden_options":[]}],"enabled":true},{"id":"1727949529","name":"DWUKOLOR V","description":"","configuration":[{"component_id":"1726654276","options_modifier":"in","component_options":[13046,17908,13047]},{"component_id":"1726749058","options_modifier":"in","component_options":[13124]}],"actions":[{"action_id":"compat_group","is_active":false},{"action_id":"conditional_components","is_active":true,"hidden_components":["1727182365","1727182364","1727947826","1727947827","1726755232","1727693021","1727693567"]},{"action_id":"conditional_options","is_active":false,"hidden_options":[]}],"enabled":true},{"id":"1727949530","name":"DWUKOLOR D","description":"","configuration":[{"component_id":"1726654276","options_modifier":"in","component_options":[13040]},{"component_id":"1726749058","options_modifier":"in","component_options":[13124]}],"actions":[{"action_id":"compat_group","is_active":false},{"action_id":"conditional_components","is_active":true,"hidden_components":["1727182365","1727182364","1727947824","1727947825","1726755232","1727693021","1727693567"]},{"action_id":"conditional_options","is_active":false,"hidden_options":[]}],"enabled":true},{"id":"1730976099","name":"VEKA KLAMKA DOMY\u015aLNA PREMIUM","description":"PF70, SL82, ID8, PASSIV LINE ALL, NEO","configuration":[{"component_id":"1726654276","options_modifier":"in","component_options":[13041,13043,13044,13045,13047]}],"actions":[{"action_id":"compat_group","is_active":false},{"action_id":"conditional_components","is_active":true,"hidden_components":["1727695308"]},{"action_id":"conditional_options","is_active":false,"hidden_options":[]}],"enabled":true},{"id":"1730977095","name":"KLAMKA STANDARD","description":"","configuration":[{"component_id":"1726654276","options_modifier":"in","component_options":[13037,13038,13039,13040,18153,13046,17908]}],"actions":[{"action_id":"compat_group","is_active":false},{"action_id":"conditional_components","is_active":true,"hidden_components":["1730976890"]},{"action_id":"conditional_options","is_active":false,"hidden_options":[]}],"enabled":true},{"id":"1731070923","name":"WY\u0141\u0104CZENIE ALUMINIUM","description":"","configuration":[{"component_id":"1726650986","options_modifier":"in","component_options":[]}],"actions":[{"action_id":"compat_group","is_active":false},{"action_id":"conditional_components","is_active":true,"hidden_components":["1726654276","1726655848","1726665892","1726667274","1726737644","1726667810","1726743090","1726749058","1727182365","1727182364","1727947824","1727947825","1727947826","1727947827","1726755232","1727693021","1727693567","1727695308","1730976890","1730124634","1727697510","1727699563","1727167241","1727166465","1728053461"]},{"action_id":"conditional_options","is_active":false,"hidden_options":[]}],"enabled":true},{"id":"1736256476","name":"RAMKI","description":"Ukrycie ramki ALU","configuration":[{"component_id":"1726654276","options_modifier":"in","component_options":[13045,13041,13043,13044,13047]}],"actions":[{"action_id":"compat_group","is_active":false},{"action_id":"conditional_components","is_active":false,"hidden_components":[]},{"action_id":"conditional_options","is_active":true,"hidden_options":[{"component_id":"1726667810","component_options":[13078],"options_modifier":"in"}]}],"enabled":true},{"id":"1736256644","name":"Ramka passiv ultra","description":"Ukrycie ALU i ciep\u0142ej","configuration":[{"component_id":"1726654276","options_modifier":"in","component_options":[13045,13047]}],"actions":[{"action_id":"compat_group","is_active":false},{"action_id":"conditional_components","is_active":false,"hidden_components":[]},{"action_id":"conditional_options","is_active":true,"hidden_options":[{"component_id":"1726667810","component_options":[13077],"options_modifier":"in"}]}],"enabled":true},{"id":"1740062038","name":"KOLOR NAWIEWNIKA","description":"","configuration":[{"component_id":"1727697510","options_modifier":"in","component_options":[13489,13487]}],"actions":[{"action_id":"compat_group","is_active":false},{"action_id":"conditional_components","is_active":true,"hidden_components":["1740061941"]},{"action_id":"conditional_options","is_active":false,"hidden_options":[]}],"enabled":true},{"id":"1740062744","name":"KOLOR NAWIEWNIK\u00d3W WR\u0118BOWYCH","description":"","configuration":[{"component_id":"1727697510","options_modifier":"in","component_options":[13489,13486,13488]}],"actions":[{"action_id":"compat_group","is_active":false},{"action_id":"conditional_components","is_active":true,"hidden_components":["1740062805"]},{"action_id":"conditional_options","is_active":false,"hidden_options":[]}],"enabled":true},{"id":"1740479054","name":"UKRYCIE ELEMENT\u00d3W ORANEMNT","description":"","configuration":[{"component_id":"1726667274","options_modifier":"not-in","component_options":[13075]}],"actions":[{"action_id":"compat_group","is_active":false},{"action_id":"conditional_components","is_active":true,"hidden_components":["1726737644"]},{"action_id":"conditional_options","is_active":false,"hidden_options":[]}],"enabled":true},{"id":"1740479055","name":"UKRYCIE KLAMKI PO SYSTEMACH","description":"","configuration":[{"component_id":"1726654276","options_modifier":"not-in","component_options":[13037,13038,13039,13040,13046,17908]}],"actions":[{"action_id":"compat_group","is_active":false},{"action_id":"conditional_components","is_active":true,"hidden_components":["1727695308"]},{"action_id":"conditional_options","is_active":false,"hidden_options":[]}],"enabled":true},{"id":"1740996200","name":"SZYBY OZDOBNE","description":"","configuration":[{"component_id":"1726665892","options_modifier":"not-in","component_options":[13062,13064,13069,13071,13067,13066]}],"actions":[{"action_id":"compat_group","is_active":false},{"action_id":"conditional_components","is_active":true,"hidden_components":["1726667274"]},{"action_id":"conditional_options","is_active":false,"hidden_options":[]}],"enabled":true},{"id":"1740996353","name":"ORNAMENT UKRYCIE","description":"","configuration":[{"component_id":"1726665892","options_modifier":"not-in","component_options":[13062,13064,13069,13071,13067,13066]}],"actions":[{"action_id":"compat_group","is_active":false},{"action_id":"conditional_components","is_active":true,"hidden_components":["1726737644"]},{"action_id":"conditional_options","is_active":false,"hidden_options":[]}],"enabled":true},{"id":"1741603766","name":"B\u0141\u0118DNE PO\u0141O\u017bENIE","description":"","configuration":[{"component_id":"1726654276","options_modifier":"in","component_options":[13045,13041,13043,13044,13046,13047]}],"actions":[{"action_id":"compat_group","is_active":false},{"action_id":"conditional_components","is_active":true,"hidden_components":["1740400967"]},{"action_id":"conditional_options","is_active":false,"hidden_options":[]}],"enabled":true},{"id":"1742566315","name":"KOLOR KLAMKI UKRYCIE","description":"","configuration":[{"component_id":"1730976890","options_modifier":"not-in","component_options":[13481,13484,13480,13483,13482,13473]}],"actions":[{"action_id":"compat_group","is_active":false},{"action_id":"conditional_components","is_active":true,"hidden_components":["1730124634"]},{"action_id":"conditional_options","is_active":false,"hidden_options":[]}],"enabled":true},{"id":"1750154539","name":"KWATERY FUNKCJE 1-KW","description":"","configuration":[{"component_id":"1750147998","options_modifier":"in","component_options":[18003]}],"actions":[{"action_id":"compat_group","is_active":false},{"action_id":"conditional_components","is_active":true,"hidden_components":["1750154462","1750158595"]},{"action_id":"conditional_options","is_active":false,"hidden_options":[]}],"enabled":true},{"id":"1750154782","name":"KWATERY FUNKCJE 2-KW","description":"","configuration":[{"component_id":"1750147998","options_modifier":"in","component_options":[18005]}],"actions":[{"action_id":"compat_group","is_active":false},{"action_id":"conditional_components","is_active":true,"hidden_components":["1750151920","1750158595"]},{"action_id":"conditional_options","is_active":false,"hidden_options":[]}],"enabled":true},{"id":"1750158716","name":"KWATERY FUNKCJE 3-KW","description":"","configuration":[{"component_id":"1750147998","options_modifier":"in","component_options":[18007]}],"actions":[{"action_id":"compat_group","is_active":false},{"action_id":"conditional_components","is_active":true,"hidden_components":["1750151920","1750154462"]},{"action_id":"conditional_options","is_active":false,"hidden_options":[]}],"enabled":true},{"id":"1755095329","name":"Wy\u0142\u0105czenie klamek i kolor\u00f3w klamek dla FIX 1kw","description":"","configuration":[{"component_id":"1750151920","options_modifier":"in","component_options":[18027]}],"actions":[{"action_id":"compat_group","is_active":false},{"action_id":"conditional_components","is_active":true,"hidden_components":["1727695308","1730976890","1730124634","1727167241","1734348781","1746530855","1734699315","1742810105","1734350347","1740388470","1740400967","1742812033"]},{"action_id":"conditional_options","is_active":false,"hidden_options":[]}],"enabled":true},{"id":"1755096670","name":"Wy\u0142\u0105czenie klamek i kolor\u00f3w klamek dla FF 1kw","description":"","configuration":[{"component_id":"1750151920","options_modifier":"in","component_options":[18030]}],"actions":[{"action_id":"compat_group","is_active":false},{"action_id":"conditional_components","is_active":true,"hidden_components":["1727695308","1730976890","1730124634","1727167241","1734348781","1746530855","1734699315","1742810105","1734350347","1740388470","1740400967","1742812033"]},{"action_id":"conditional_options","is_active":false,"hidden_options":[]}],"enabled":true},{"id":"1755686230","name":"Wy\u0142\u0105czenie klamek i kolor\u00f3w klamek dla fix 2kw","description":"","configuration":[{"component_id":"1750154462","options_modifier":"in","component_options":[18058]}],"actions":[{"action_id":"compat_group","is_active":false},{"action_id":"conditional_components","is_active":true,"hidden_components":["1727695308","1730976890","1730124634","1727167241","1734348781","1746530855","1734699315","1742810105","1734350347","1740388470","1740400967","1742812033"]},{"action_id":"conditional_options","is_active":false,"hidden_options":[]}],"enabled":true},{"id":"1755686231","name":"Wy\u0142\u0105czenie klamek i kolor\u00f3w klamek dla ff + ff 2kw","description":"","configuration":[{"component_id":"1750154462","options_modifier":"in","component_options":[18054]}],"actions":[{"action_id":"compat_group","is_active":false},{"action_id":"conditional_components","is_active":true,"hidden_components":["1727695308","1730976890","1730124634","1727167241","1734348781","1746530855","1734699315","1742810105","1734350347","1740388470","1740400967","1742812033"]},{"action_id":"conditional_options","is_active":false,"hidden_options":[]}],"enabled":true},{"id":"1755686232","name":"Wy\u0142\u0105czenie klamek i kolor\u00f3w klamek dla ff + ff + ff 3kw","description":"","configuration":[{"component_id":"1750158595","options_modifier":"in","component_options":[18083]}],"actions":[{"action_id":"compat_group","is_active":false},{"action_id":"conditional_components","is_active":true,"hidden_components":["1727695308","1730976890","1730124634","1727167241","1734348781","1746530855","1734699315","1742810105","1734350347","1740388470","1740400967","1742812033"]},{"action_id":"conditional_options","is_active":false,"hidden_options":[]}],"enabled":true},{"id":"1755686233","name":"Wy\u0142\u0105czenie klamek i kolor\u00f3w klamek dla fix + fix+ fix 3kw","description":"","configuration":[{"component_id":"1750158595","options_modifier":"in","component_options":[18080]}],"actions":[{"action_id":"compat_group","is_active":false},{"action_id":"conditional_components","is_active":true,"hidden_components":["1727695308","1730976890","1730124634","1727167241","1734348781","1746530855","1734699315","1742810105","1734350347","1740388470","1740400967","1742812033"]},{"action_id":"conditional_options","is_active":false,"hidden_options":[]}],"enabled":true}],"bundled_by":[],"bundle_stock_status":"instock","bundle_stock_quantity":null,"bundle_virtual":false,"bundle_layout":"","bundle_add_to_cart_form_location":"","bundle_editable_in_cart":false,"bundle_sold_individually_context":"","bundle_item_grouping":"","bundle_min_size":"","bundle_max_size":"","bundle_price":[],"bundled_items":[],"bundle_sell_ids":[],"_links":{"self":[{"href":"https:\/\/konfigurator.adams.com.pl\/en\/wp-json\/wp\/v2\/product\/13027","targetHints":{"allow":["GET"]}}],"collection":[{"href":"https:\/\/konfigurator.adams.com.pl\/en\/wp-json\/wp\/v2\/product"}],"about":[{"href":"https:\/\/konfigurator.adams.com.pl\/en\/wp-json\/wp\/v2\/types\/product"}],"version-history":[{"count":3,"href":"https:\/\/konfigurator.adams.com.pl\/en\/wp-json\/wp\/v2\/product\/13027\/revisions"}],"predecessor-version":[{"id":18175,"href":"https:\/\/konfigurator.adams.com.pl\/en\/wp-json\/wp\/v2\/product\/13027\/revisions\/18175"}],"wp:featuredmedia":[{"embeddable":true,"href":"https:\/\/konfigurator.adams.com.pl\/en\/wp-json\/wp\/v2\/media\/14241"}],"wp:attachment":[{"href":"https:\/\/konfigurator.adams.com.pl\/en\/wp-json\/wp\/v2\/media?parent=13027"}],"wp:term":[{"taxonomy":"product_cat","embeddable":true,"href":"https:\/\/konfigurator.adams.com.pl\/en\/wp-json\/wp\/v2\/product_cat?post=13027"},{"taxonomy":"product_tag","embeddable":true,"href":"https:\/\/konfigurator.adams.com.pl\/en\/wp-json\/wp\/v2\/product_tag?post=13027"}],"curies":[{"name":"wp","href":"https:\/\/api.w.org\/{rel}","templated":true}]}}